{"id":65,"date":"2017-07-19T20:44:46","date_gmt":"2017-07-20T01:44:46","guid":{"rendered":"https:\/\/grop.ca\/wordpress\/?page_id=65"},"modified":"2026-04-17T13:54:24","modified_gmt":"2026-04-17T17:54:24","slug":"publications","status":"publish","type":"page","link":"https:\/\/grop.ca\/index.php\/publications\/","title":{"rendered":"Publications"},"content":{"rendered":"<ol>\n<li><a href=\"https:\/\/grop.ca\/wp-content\/uploads\/2022\/05\/Quelques-contributions-a-lexamen-de-la-question-nationale.pdf\">Proposition de suivie de l&rsquo;opinion publique au cours de la campagne r\u00e9f\u00e9rendaire 1992<\/a> (septembre 1992)<\/li>\n<li><a href=\"https:\/\/grop.ca\/wp-content\/uploads\/2017\/07\/PROSPECT.pdf\">La le\u00e7on du 26 octobre: la patrie avant les partis<\/a> (novembre 1992)<\/li>\n<li><a href=\"https:\/\/grop.ca\/wp-content\/uploads\/2017\/07\/Mouvance.pdf\">La Mouvance<\/a> ( novembre 1993)<\/li>\n<li><a href=\"https:\/\/grop.ca\/wp-content\/uploads\/2020\/11\/Instable.pdf\">Les instables<\/a> (1993)<\/li>\n<li><a href=\"https:\/\/grop.ca\/wp-content\/uploads\/2020\/11\/rapport-BQ-1.pdf\">Analyse HOMALS des r\u00e9ponses aux \u00e9nonc\u00e9s contenus dans le sondage \u00e9lectoral de juin 1993 et fonction de la variable composite COHFED<\/a> (ao\u00fbt 1993)<\/li>\n<li><a href=\"https:\/\/grop.ca\/wp-content\/uploads\/2020\/11\/rapport-BQ-2.pdf\">R\u00e9sultats globaux du sondage r\u00e9alis\u00e9 dans la deuxi\u00e8me quinzaine d&rsquo;ao\u00fbt et portant sur les enjeux \u00e9lectoraux f\u00e9d\u00e9raux<\/a> (septembre 1993)<\/li>\n<li><a href=\"https:\/\/grop.ca\/wp-content\/uploads\/2020\/11\/Memo3.pdf\">Note concernant les \u00e9chelles socio-culturelles de fonctionnalit\u00e9, de normativit\u00e9 et symbolique en regard du sondage 3124<\/a> (septembre 1993)<\/li>\n<li><a href=\"https:\/\/grop.ca\/wp-content\/uploads\/2017\/07\/Force.pdf\">La force des ind\u00e9cis<\/a> (juillet 1994)<\/li>\n<li><a href=\"https:\/\/grop.ca\/wp-content\/uploads\/2020\/11\/FEDQUE.WP6_.pdf\">Analyse des groupes cibles \u00e0 privil\u00e9gier pour le PQ et le PLQ compar\u00e9s \u00e0 leur base \u00e9lectorale r\u00e9ciproque<\/a> (\u00e9t\u00e9 1994)<\/li>\n<li><a href=\"https:\/\/grop.ca\/wp-content\/uploads\/2020\/11\/NOMADES.pdf\">Les s\u00e9dentaires et les nomades<\/a> (1994)<\/li>\n<li><a href=\"https:\/\/grop.ca\/wp-content\/uploads\/2017\/07\/Strategie.pdf\">Quelques consid\u00e9rations concernant la strat\u00e9gie r\u00e9f\u00e9rendaire<\/a> (septembre 1994)<\/li>\n<li><a href=\"https:\/\/grop.ca\/wp-content\/uploads\/2020\/11\/MNQ1.pdf\">Points saillants portant sur une segmentation de l&rsquo;\u00e9lectorat<\/a> (f\u00e9vrier 1995)<\/li>\n<li><a href=\"https:\/\/grop.ca\/wp-content\/uploads\/2020\/11\/Strat-mars-95.pdf\">Quelques r\u00e9flexions concernant la d\u00e9marche r\u00e9f\u00e9rendaire<\/a> (mars 1995)<\/li>\n<li><a href=\"https:\/\/grop.ca\/wp-content\/uploads\/2017\/07\/consid\u00e9rations.pdf\">Quelques r\u00e9flexions strat\u00e9giques sur la souverainet\u00e9 du Qu\u00e9bec<\/a> (avril 1995)<\/li>\n<li><a href=\"https:\/\/grop.ca\/wp-content\/uploads\/2017\/07\/GUAY.pdf\">Pourquoi le OUI ne peut pas d\u00e9coller <\/a>(avril 1995)<\/li>\n<li><a href=\"https:\/\/grop.ca\/wp-content\/uploads\/2017\/07\/profil.pdf\">Analyse du profil psychologique des r\u00e9pondants francophones en regard de la question constitutionnelle<\/a> (mai 1995)<\/li>\n<li><a href=\"https:\/\/grop.ca\/wp-content\/uploads\/2020\/11\/Propositoin-1995-a-Dupre.pdf\">Lettre \u00e0 M. Dupr\u00e9 sur le plan de communication<\/a> (juillet 1995)<\/li>\n<li><a href=\"https:\/\/grop.ca\/wp-content\/uploads\/2017\/07\/Discrets.pdf\">Le probl\u00e8me des r\u00e9pondants discrets dans les sondages et l\u2019anticipation du vote final<\/a> (juillet 1995)<\/li>\n<li><a href=\"https:\/\/grop.ca\/wp-content\/uploads\/2020\/11\/SONDAGE.pdf\">La solidit\u00e9 des intentions en faveur du OUI<\/a> proposition de recherche quantitative (juillet 1995)<\/li>\n<li><a href=\"https:\/\/grop.ca\/wp-content\/uploads\/2017\/07\/QUATUOR.pdf\">R\u00e9f\u00e9rendum 1995 &#8211; Une difficile course \u00e0 obstacles<\/a> (ao\u00fbt 1995)<\/li>\n<li><a href=\"https:\/\/grop.ca\/wp-content\/uploads\/2020\/11\/PARIZEAU.pdf\">M\u00e9mo \u00e0 Jacques Parizeau<\/a> (ao\u00fbt 1995)<\/li>\n<li><a href=\"https:\/\/grop.ca\/wp-content\/uploads\/2017\/07\/bis.pdf\">L&rsquo;intellectuel dans la soci\u00e9t\u00e9 ouverte<\/a> (novembre 1995)<\/li>\n<li><a href=\"https:\/\/grop.ca\/wp-content\/uploads\/2017\/07\/D\u00e9cis.pdf\">Les Si, les D\u00e9cis et les Ind\u00e9cis: dans les interstices du r\u00e9f\u00e9rendum<\/a> (d\u00e9cembre 1995)<\/li>\n<li><a href=\"https:\/\/grop.ca\/wp-content\/uploads\/2017\/07\/constellations.pdf\">Les cinq constellations <\/a>(janvier 1996)<\/li>\n<li><a href=\"https:\/\/grop.ca\/wp-content\/uploads\/2020\/11\/STRAT.pdf\">Liste d&rsquo;actions post-r\u00e9f\u00e9rendaires<\/a> (f\u00e9vrier 1996)<\/li>\n<li><a href=\"https:\/\/grop.ca\/wp-content\/uploads\/2017\/07\/Segmentation.pdf\">Une segmentation m\u00e9m\u00e9tique de l&rsquo;\u00e9lectorat<\/a> (f\u00e9vrier 1996)<\/li>\n<li><a href=\"https:\/\/grop.ca\/wp-content\/uploads\/2017\/07\/action-nationale.pdf\">La s\u00e9dimentation du vote souverainiste<\/a> (mai 1996)<\/li>\n<li><a href=\"https:\/\/grop.ca\/wp-content\/uploads\/2020\/10\/PISTES.pdf\">Regarder passer le train ?<\/a> (mai 1996)<\/li>\n<li><a href=\"https:\/\/grop.ca\/wp-content\/uploads\/2020\/10\/THIBAULT.pdf\">Lettre au chef de cabinet du premier ministre<\/a> (septembre 1996)<\/li>\n<li><a href=\"https:\/\/grop.ca\/wp-content\/uploads\/2020\/11\/PSQ.pdf\">Les coupures, les juges et nos appuis<\/a> proposition de recherche (octobre 1996)<\/li>\n<li><a href=\"https:\/\/grop.ca\/wp-content\/uploads\/2017\/07\/opinion-devoir-nov96.pdf\">Le risque d&rsquo;enterrement<\/a> (novembre 1996)<\/li>\n<li><a href=\"https:\/\/grop.ca\/wp-content\/uploads\/2020\/11\/rapport-course-au-leadership-du-BQ.pdf\">Analyse partielle des r\u00e9sultats du sondage 7039<\/a> (f\u00e9vrier 1997)<\/li>\n<li><a href=\"https:\/\/grop.ca\/wp-content\/uploads\/2020\/11\/Bloc-roc.pdf\">Le Bloc qu\u00e9b\u00e9cois? Solide comme le roc&#8230;<\/a> (f\u00e9vrier 1997)<\/li>\n<li><a href=\"https:\/\/grop.ca\/wp-content\/uploads\/2020\/11\/Federal-texte-2.pdf\">Au Canada, un raz-de-mar\u00e9e lib\u00e9ral&#8230;<\/a> (f\u00e9vrier 1997)<\/li>\n<li><a href=\"https:\/\/grop.ca\/wp-content\/uploads\/2020\/11\/memo-Landry-abstention.pdf\">Les dangers de l&rsquo;abstentionnisme d&rsquo;une frange de l&rsquo;\u00e9lectorat qu\u00e9b\u00e9cois<\/a> (mars 1997)<\/li>\n<li><a href=\"https:\/\/grop.ca\/wp-content\/uploads\/2020\/11\/Drouilly-Cotnoir-2.pdf\">L&rsquo;opinion publique canadienne \u00e0 la veille des \u00e9lections f\u00e9d\u00e9rales<\/a> (avril 1997)<\/li>\n<li><a href=\"https:\/\/grop.ca\/wp-content\/uploads\/2017\/07\/LYS_1.pdf\">Entre le lys et l&rsquo;\u00e9rable &#8211; I. Requiem pour une d\u00e9faite<\/a> (septembre 1997)<\/li>\n<li><a href=\"https:\/\/grop.ca\/wp-content\/uploads\/2017\/07\/LYS_2.pdf\">Entre le lys et l&rsquo;\u00e9rable &#8211; II. Les \u00e9lecteurs centristes<\/a> (septembre 1997)<\/li>\n<li><a href=\"https:\/\/grop.ca\/wp-content\/uploads\/2017\/07\/LYS_3.pdf\">Entre le lys et l&rsquo;\u00e9rable &#8211; III. Un n\u00e9cessaire recadrage<\/a> (septembre 1997)<\/li>\n<li><a href=\"https:\/\/grop.ca\/wp-content\/uploads\/2017\/07\/Dire.pdf\">Dire aujourd&rsquo;hui ce que nous sommes pour mieux d\u00e9terminer ce que nous serons demain<\/a> (octobre 1997)<\/li>\n<li><a href=\"https:\/\/grop.ca\/wp-content\/uploads\/2020\/11\/COLERE.pdf\">Quatre intellectuels en col\u00e8re<\/a> (d\u00e9cembre 1997)<\/li>\n<li><a href=\"https:\/\/grop.ca\/wp-content\/uploads\/2020\/11\/C3.pdf\">L&rsquo;entente de Calgary Perceptions des r\u00e9pondants du Qu\u00e9bec<\/a> (d\u00e9cembre 1997)<\/li>\n<li><a href=\"https:\/\/grop.ca\/wp-content\/uploads\/2020\/11\/Memo-du-GROP.pdf\">La recherche sur l&rsquo;opinion publique<\/a>, quelques \u00e9l\u00e9ments de r\u00e9flexion (f\u00e9vrier 1998)<\/li>\n<li><a href=\"https:\/\/grop.ca\/wp-content\/uploads\/2017\/07\/METEO-0.pdf\">La M\u00e9t\u00e9o politique <\/a>(f\u00e9vrier 1998)<\/li>\n<li><a href=\"https:\/\/grop.ca\/wp-content\/uploads\/2020\/11\/Le-Devoir-28-mai-1998-page-A7.pdf\">Une analyse incompl\u00e8te\u00a0 &amp;\u00a0 L&rsquo;obligation de prudence des scientifiques<\/a> (mai 1998)<\/li>\n<li><a href=\"https:\/\/grop.ca\/wp-content\/uploads\/2020\/11\/Les-electeurs-ne-sont-pas-des-girouettes.pdf\">Les \u00e9lecteurs ne sont pas des girouettes<\/a>\u00a0 (juin 1998)<\/li>\n<li><a href=\"https:\/\/grop.ca\/wp-content\/uploads\/2020\/11\/La-Presse-10-juin-1998-page-B3.pdf\">Les scientifiques et l&rsquo;obligation de courage<\/a> (juin 1998)<\/li>\n<li><a href=\"https:\/\/grop.ca\/wp-content\/uploads\/2020\/11\/commentaire-renvoi-Cour-supreme.pdf\">Un jugement vicieux<\/a> (ao\u00fbt 1998)<\/li>\n<li><a href=\"https:\/\/grop.ca\/wp-content\/uploads\/2020\/11\/les-bonnes-lunettes.pdf\">Les bonnes lunettes<\/a> (septembre 1998)<\/li>\n<li><a href=\"https:\/\/grop.ca\/wp-content\/uploads\/2020\/11\/Drouilly-13-oct.-98.pdf\">Pour la premi\u00e8re fois depuis 6 mois&#8230;<\/a> (octobre 1998)<\/li>\n<li><a href=\"https:\/\/grop.ca\/wp-content\/uploads\/2020\/11\/PROPOSITION-DE-RECHERCHE-LANDRY.pdf\">Pour conna\u00eetre le centre de l&rsquo;\u00e9chiquier politique<\/a> (f\u00e9vrier 1999)<\/li>\n<li><a href=\"https:\/\/grop.ca\/wp-content\/uploads\/2017\/07\/Bilan.pdf\">Bilan des travaux du GROP<\/a> (ao\u00fbt 1999)<\/li>\n<li><a href=\"https:\/\/grop.ca\/wp-content\/uploads\/2020\/11\/Dfaitev2.pdf\">L&rsquo;art de la d\u00e9faite<\/a> (ao\u00fbt 1999)<\/li>\n<li><a href=\"https:\/\/grop.ca\/wp-content\/uploads\/2020\/11\/Memo-Landry-dec99.pdf\">Dire ce que nous sommes aujourd&rsquo;hui pour pr\u00e9server notre droit de d\u00e9cider ce que nous voudrons \u00eatre demain<\/a> (d\u00e9cembre 1999)<\/li>\n<li><a href=\"https:\/\/grop.ca\/wp-content\/uploads\/2017\/07\/comprendre.pdf\">Mieux comprendre les Qu\u00e9b\u00e9cois \u00e0 un moment critique de leur cheminement <\/a>(d\u00e9cembre 1999)<\/li>\n<li><a href=\"https:\/\/grop.ca\/wp-content\/uploads\/2017\/07\/fatigue.pdf\">La fatique politique du Qu\u00e9bec fran\u00e7ais<\/a> (mai 2000)<\/li>\n<li><a href=\"https:\/\/grop.ca\/wp-content\/uploads\/2017\/07\/Rapport-Centristes.pdf\">Les Centristes &#8211; O\u00f9 logent-ils? <\/a>(octobre 2001)<\/li>\n<li><a href=\"https:\/\/grop.ca\/wp-content\/uploads\/2020\/11\/Landry-22-oct-2001.pdf\">Les effets des \u00e9v\u00e9nements du 11 septembre sur l&rsquo;opinion publique<\/a> (octobre 2001)<\/li>\n<li><a href=\"https:\/\/grop.ca\/wp-content\/uploads\/2020\/11\/Rapport-de-recherche-Quebec-tranquille-version-finale.pdf\">Le Qu\u00e9bec \u00ab tranquille \u00bb<\/a> (novembre 2001)<\/li>\n<li><a href=\"https:\/\/grop.ca\/wp-content\/uploads\/2020\/09\/Atelier-2-client\u00e8le-cible.pdf\">Les Centristes -Identification d&rsquo;une client\u00e8le-cible<\/a> (novembre 2001)<\/li>\n<li><a href=\"https:\/\/grop.ca\/wp-content\/uploads\/2017\/07\/Rapport-un-mod\u00e8le-de-l\u00e9lectorat-qu\u00e9b\u00e9cois.pdf\">Un mod\u00e8le de l&rsquo;opinion publique qu\u00e9b\u00e9coise<\/a> (juillet 2002)<\/li>\n<li><a href=\"https:\/\/grop.ca\/wp-content\/uploads\/2020\/11\/Memo-lacune.pdf\">Des lacunes m\u00e9thodologiques du dernier sondage L\u00e9ger Marketing<\/a> (d\u00e9cembre 2002)<\/li>\n<li><a href=\"https:\/\/grop.ca\/wp-content\/uploads\/2020\/11\/Article-action-nationale-juin-2003.pdf\">Le substrat culturel de l&rsquo;ADQ<\/a> (mai 2003)<\/li>\n<li><a href=\"https:\/\/grop.ca\/wp-content\/uploads\/2020\/11\/JHG-Le-PQ-un-parti-rendu-a-maturite.pdf\">La saison des id\u00e9es &#8211; Le Parti qu\u00e9b\u00e9cois, un parti rendu \u00e0 maturit\u00e9<\/a> (octobre 2003)<\/li>\n<li><a href=\"https:\/\/grop.ca\/wp-content\/uploads\/2020\/11\/Memo-sondage-PQ-mars.pdf\">Sondage du PQ men\u00e9 durant la premi\u00e8re quinzaine de mars 2004<\/a> (avril 2004)<\/li>\n<li><a href=\"https:\/\/grop.ca\/wp-content\/uploads\/2017\/07\/Rapport-pour-le-CSQ.pdf\">L&rsquo;\u00e9lecteur a ses raisons, que la raison ignore<\/a> (avril 2004)<\/li>\n<li><a href=\"https:\/\/grop.ca\/wp-content\/uploads\/2017\/07\/Rapport-denqu\u00eate-CIIRM.pdf\">Enqu\u00eate d&rsquo;opinion aupr\u00e8s des citoyens et citoyennes issus de l&rsquo;immigration de la r\u00e9gion de Montr\u00e9al<\/a> (avril 2005)<\/li>\n<li><a href=\"https:\/\/grop.ca\/wp-content\/uploads\/2020\/11\/Rapport-version-1.pdf\">Les jeunes Qu\u00e9b\u00e9cois et la politique<\/a> (avril 2005)<\/li>\n<li>\u00a0<a href=\"https:\/\/grop.ca\/wp-content\/uploads\/2017\/08\/Rapport-finalQCRMRQCT.pdf\">Enqu\u00eate dans la RMR de Qu\u00e9bec et le Qu\u00e9bec tranquille<\/a> (mars 2006)<\/li>\n<li><a href=\"https:\/\/grop.ca\/wp-content\/uploads\/2020\/11\/rapport_final.pdf\">\u00c9tat de l&rsquo;opinion publique francophone au printemps 2007<\/a> (juin 2007)<\/li>\n<li><a href=\"https:\/\/grop.ca\/wp-content\/uploads\/2020\/11\/Analyse-1998-2008.pdf\">Analyse de l&rsquo;\u00e9volution du vote au Qu\u00e9bec 1998-2008<\/a> (ao\u00fbt 2009)<\/li>\n<li><a href=\"https:\/\/grop.ca\/wp-content\/uploads\/2017\/07\/La-grande-illusion.pdf\">La grande illusion<\/a> (mai 2010)<\/li>\n<li><a href=\"https:\/\/grop.ca\/wp-content\/uploads\/2020\/11\/Rapport-pre-electoral-juillet-2012-v2.pdf\">Sondage pr\u00e9-\u00e9lectoral<\/a> (juillet 2012)<\/li>\n<li><a href=\"https:\/\/grop.ca\/wp-content\/uploads\/2017\/08\/Rapport-danalyses-du-panel-de-mai-2013-version-4.pdf\">\u00a0Rapport d&rsquo;analyses du panel de mai 2013<\/a> \u00a0(juin 2013)<\/li>\n<li><a href=\"https:\/\/grop.ca\/wp-content\/uploads\/2017\/07\/Rapport-denqu\u00eate-qualitative-dans-Chaudi\u00e8re-Appalaches.pdf\">Groupes de discussion dans Chaudi\u00e8re-Appalaches<\/a> (septembre 2013)<\/li>\n<li><a href=\"https:\/\/grop.ca\/wp-content\/uploads\/2019\/05\/Analyse-\u00e9lectorale-7-avril-2014.pdf\">Analyse post\u00e9lectorale de l&rsquo;\u00e9lection du 7 avril 2014<\/a><\/li>\n<li><a href=\"https:\/\/grop.ca\/wp-content\/uploads\/2022\/05\/Quelques-contributions-a-lexamen-de-la-question-nationale.pdf\">Quelques contributions \u00e0 l&rsquo;examen de la question nationale (d\u00e9cembre 2015)<\/a><\/li>\n<li><a href=\"https:\/\/grop.ca\/wp-content\/uploads\/2017\/07\/LA-QUESTION-NATIONALE-ET-LA-TROISI\u00c8ME-VOIE.pdf\">La question nationale et la troisi\u00e8me voie<\/a> (f\u00e9vrier 2016)<\/li>\n<li><a href=\"https:\/\/grop.ca\/wp-content\/uploads\/2017\/07\/R\u00e9plique.pdf\">Le d\u00e9lire est encore pire que le d\u00e9ni<\/a> (juillet 2017)<\/li>\n<li><a href=\"https:\/\/grop.ca\/wp-content\/uploads\/2019\/09\/La-question-qui-tue.pdf\">La question qui tue..<\/a>. (septembre 2019)<\/li>\n<li><a href=\"https:\/\/grop.ca\/wp-content\/uploads\/2022\/05\/2022-04-22-Rapport-denquete.pdf\">La question nationale 30 ans plus tard &#8211; O\u00f9 en sommes-nous?<\/a> (avril 2022)<\/li>\n<li><a href=\"https:\/\/grop.ca\/wp-content\/uploads\/2025\/12\/Reconfiguration-de-la-question-nationale.pdf\">Reconfiguration de la question nationale &#8211;<\/a> Sondage GRAPI (septembre 2025)<\/li>\n<li><a href=\"https:\/\/grop.ca\/wp-content\/uploads\/2025\/12\/Six-profils.pdf\">Six profils<\/a> &#8211; Sondage GRAPI (septembre 2025)<\/li>\n<li><a href=\"https:\/\/grop.ca\/wp-content\/uploads\/2025\/12\/La-cassure.pdf\">La cassure<\/a> &#8211; Sondage GRAPI (septembre 2025)<\/li>\n<li><a href=\"https:\/\/grop.ca\/wp-content\/uploads\/2026\/03\/Attracteurs-culturels-MEPP-et-entropie-creatrice.pdf\">Attracteurs culturels, MEPP et entropie cr\u00e9atrice<\/a> (mars 2026)<\/li>\n<li><a href=\"https:\/\/grop.ca\/wp-content\/uploads\/2026\/03\/Structure-topologique-fractalite-et-dynamique-des-attracteurs-.pdf\">Structure topologique, fractalit\u00e9 et dynamique des attracteurs<\/a> (mars 2026)<\/li>\n<li><a href=\"https:\/\/grop.ca\/wp-content\/uploads\/2026\/03\/Article_Complexity_Science_EN_structured-v2.pdf\">Opinion dynamics, weighted memes and relational structure: comparison of five experimental conditions<\/a> (janvier 2026)<\/li>\n<li><a href=\"https:\/\/grop.ca\/wp-content\/uploads\/2026\/03\/Cognitive-Layer-Activation-in-Opinion-Dynamics.pdf\">Cognitive Layer Activation in Opinion Dynamics: Memes as Cultural Attractors and Dissipative Structures<\/a> (mars 2026)<\/li>\n<li><a href=\"https:\/\/grop.ca\/wp-content\/uploads\/2026\/03\/Inductive-Layers-as-Structural-Modulators-of-Deductive-Dynamics-in-Agent-Based-Models-of-Opinion-Formation.pdf\">Inductive Layers as Structural Modulators of Deductive Dynamics in Agent-Based Models of Opinion Formation<\/a> (mars 2026)<\/li>\n<li><a href=\"https:\/\/grop.ca\/wp-content\/uploads\/2026\/03\/Asymmetric-Activation-of-Induct-Pierre-Alain-Cotnoir.pdf\">Asymmetric Activation of Inductive Layers<\/a> (mars 2026)<\/li>\n<\/ol>\n<h2>Pr\u00e9sentations PowerPoint:<\/h2>\n<ol>\n<li><a href=\"https:\/\/grop.ca\/wp-content\/uploads\/2020\/11\/LAND1.ppt\">Une strat\u00e9gie sans \u00e9lan<\/a> (novembre 1997)<\/li>\n<li><a href=\"https:\/\/grop.ca\/wp-content\/uploads\/2020\/11\/Napoli_1998.ppt\">A Modelization of Quebec&rsquo;s Public Opinion<\/a> (juillet 1998)<\/li>\n<li>\u00a0<a href=\"https:\/\/grop.ca\/wp-content\/uploads\/2020\/11\/RIQ-2000.ppt\">Description de l&rsquo;opinion publique<\/a> (d\u00e9cembre 2000)<\/li>\n<li><a href=\"https:\/\/grop.ca\/wp-content\/uploads\/2017\/08\/Atelier-2-client\u00e8le-cible.ppt\">Les Centristes &#8211; Identification d&rsquo;une client\u00e8le cible<\/a> (2001)<\/li>\n<li><a href=\"https:\/\/grop.ca\/wp-content\/uploads\/2020\/11\/MOU.ppt\">Le Qu\u00e9bec \u00ab mou \u00bb<\/a> (ao\u00fbt 2001)<\/li>\n<li><a href=\"https:\/\/grop.ca\/wp-content\/uploads\/2020\/11\/PLATEFORME.ppt\">L&rsquo;opinion publique qu\u00e9b\u00e9coise en octobre 2001<\/a> (janvier 2002)<\/li>\n<li><a href=\"https:\/\/grop.ca\/wp-content\/uploads\/2020\/11\/DIAPO-PANEL.ppt\">L&rsquo;opinion publique qu\u00e9b\u00e9coise en f\u00e9vrier 2002<\/a> (f\u00e9vrier 2002)<\/li>\n<li><a href=\"https:\/\/grop.ca\/wp-content\/uploads\/2020\/11\/FINAL.ppt\">L&rsquo;opinion publique qu\u00e9b\u00e9coise en f\u00e9vrier 2002<\/a>\u00a0 version finale (mars 2002)<\/li>\n<li><a href=\"https:\/\/grop.ca\/wp-content\/uploads\/2020\/11\/MINISTRES.ppt\">La fen\u00eatre<\/a>\u00a0 pr\u00e9sentation au conseil des ministres (juin 2002)<\/li>\n<li><a href=\"https:\/\/grop.ca\/wp-content\/uploads\/2020\/11\/Election2003.ppt\">Les \u00e9lections de 2003 &#8211; analyse des r\u00e9sultats<\/a> (septembre 2003)<\/li>\n<li><a href=\"https:\/\/grop.ca\/wp-content\/uploads\/2020\/11\/SRC.ppt\">L&rsquo;opinion publique au Canada au printemps 2004<\/a> (avril 2004)<\/li>\n<li><a href=\"https:\/\/grop.ca\/wp-content\/uploads\/2020\/11\/CSQ.ppt\">Un mod\u00e8le de l&rsquo;opinion publique<\/a> (avril 2004)<\/li>\n<li><a href=\"https:\/\/grop.ca\/wp-content\/uploads\/2020\/11\/Participation.ppt\">La participation \u00e9lectorale<\/a> (octobre 2004)<\/li>\n<li><a href=\"https:\/\/grop.ca\/wp-content\/uploads\/2020\/11\/Referendum.ppt\">Analyse \u00e9cologique du vote linguistique aux r\u00e9f\u00e9rendums au Qu\u00e9bec 1980-1992-1995<\/a> (octobre 2004)<\/li>\n<li><a href=\"https:\/\/grop.ca\/wp-content\/uploads\/2020\/11\/Cours-Drouilly.ppt\">Un mod\u00e8le de l&rsquo;\u00e9lectorat qu\u00e9b\u00e9cois<\/a> cours de P. Drouilly en sciences politiques \u00e0 l&rsquo;UQAM\u00a0 (novembre 2004)<\/li>\n<li><a href=\"https:\/\/grop.ca\/wp-content\/uploads\/2020\/11\/proposition.ppt\">Enqu\u00eate aupr\u00e8s des communaut\u00e9s culturelles<\/a> (novembre 2004)<\/li>\n<li><a href=\"https:\/\/grop.ca\/wp-content\/uploads\/2020\/11\/Identite.ppt\">L&rsquo;opinion publique au Qu\u00e9bec et la souverainet\u00e9<\/a> (janvier 2005)<\/li>\n<li><a href=\"https:\/\/grop.ca\/wp-content\/uploads\/2020\/11\/Tranquille.ppt\">Le Qu\u00e9bec \u00ab tranquille \u00bb<\/a> (f\u00e9vrier 2005)<\/li>\n<li><a href=\"https:\/\/grop.ca\/wp-content\/uploads\/2020\/11\/QCRMRQCT_PQ_fev_2006.ppt\">Qu\u00e9bec RMR Qu\u00e9bec tranquille &#8211; pr\u00e9sentation au PQ<\/a> (f\u00e9vrier2006)<\/li>\n<li><a href=\"https:\/\/grop.ca\/wp-content\/uploads\/2020\/11\/BQ2007.ppt\">Les \u00e9lections de 2007 &#8211; analyse des r\u00e9sultats<\/a> (avril 2007)<\/li>\n<li><a href=\"https:\/\/grop.ca\/wp-content\/uploads\/2020\/11\/Un-nouveau-paysage-politique.ppt\">Un nouveau paysage politique &#8211; reconfiguration de l&rsquo;opinion publique qu\u00e9b\u00e9coise au printemps 2007<\/a> (mai 2007)<\/li>\n<li><a href=\"https:\/\/grop.ca\/wp-content\/uploads\/2020\/11\/Presentation-PM-2-juillet-2007.ppt\">Un mod\u00e8le de l&rsquo;\u00e9lectorat<\/a> pr\u00e9sentation \u00e0 Pauline Marois (juillet 2007)<\/li>\n<li><a href=\"https:\/\/grop.ca\/wp-content\/uploads\/2020\/11\/Letat-de-lopinion-publique.ppt\">L&rsquo;\u00e9tat de l&rsquo;opinion publique 2008 &#8211; r\u00e9sultats pr\u00e9liminaires<\/a> (f\u00e9vrier 2008)<\/li>\n<li><a href=\"https:\/\/grop.ca\/wp-content\/uploads\/2020\/11\/Presentation-PP-8-avril-2008.pptx\">Tendances \u00e9lectorales Qu\u00e9bec 2007-2008<\/a> (avril 2008)<\/li>\n<li><a href=\"https:\/\/grop.ca\/wp-content\/uploads\/2017\/08\/IPSO.ppt\">Un mod\u00e8le de l&rsquo;\u00e9lectorat &#8211; Des centristes aux r\u00e9fractaires<\/a> (mai 2008)<\/li>\n<li><a href=\"https:\/\/grop.ca\/wp-content\/uploads\/2020\/11\/Presentation-23-octobre-2008.pptx\">L&rsquo;\u00e9lectorat qu\u00e9b\u00e9cois, y a-t-il quelque chose \u00e0 en comprendre?<\/a> (octobre 2008)<\/li>\n<li><a href=\"https:\/\/grop.ca\/wp-content\/uploads\/2020\/11\/IntentionsRef2009.ppt\">\u00c9volution des intentions de vote r\u00e9f\u00e9rendaire depuis 1995<\/a> (mars 2009)<\/li>\n<li><a href=\"https:\/\/grop.ca\/wp-content\/uploads\/2020\/11\/Sondages-nov-08-juin-09-v2.ppt\">Analyse des sondages de novembre 08 \u00e0 juin 09<\/a> (ao\u00fbt 2009)<\/li>\n<li><a href=\"https:\/\/grop.ca\/wp-content\/uploads\/2017\/08\/BQ-IPSO-final.ppt\">Qu\u00e9bec-Canada 20 ans apr\u00e8s Meech<\/a> (mai 2010)<\/li>\n<li><a href=\"https:\/\/grop.ca\/wp-content\/uploads\/2020\/11\/Identite-Estimateurs-PQ-1er-sept-2010.ppt\">L&rsquo;identit\u00e9 qu\u00e9b\u00e9coise: condition n\u00e9cessaire pour la souverainet\u00e9<\/a> (ao\u00fbt 2010)<\/li>\n<li><a href=\"https:\/\/grop.ca\/wp-content\/uploads\/2020\/11\/ANALYSE-DES-INTENTIONS-POLITIQUES-QUEBECOISES.pptx\">Analyse des intentions politiques qu\u00e9b\u00e9coises<\/a> (janvier 2011)<\/li>\n<li><a href=\"https:\/\/grop.ca\/wp-content\/uploads\/2020\/11\/BQ-17-septembre-2011.ppt\">L&rsquo;\u00e9lection f\u00e9d\u00e9rale du 2 mai 2011<\/a> (septembre 2011)<\/li>\n<li><a href=\"https:\/\/grop.ca\/wp-content\/uploads\/2020\/11\/PQ-26-septembre-2011.ppt\">Intentions \u00e9lectorales &#8211; sondages 2011<\/a> (septembre 2011)<\/li>\n<li><a href=\"https:\/\/grop.ca\/wp-content\/uploads\/2020\/11\/IPSO-9-juin-2012.pptx\">Regards sur les mobilisations citoyennes et la conjoncture politique dans la perspective de l&rsquo;ind\u00e9pendance<\/a> (juin 2012)<\/li>\n<li><a href=\"https:\/\/grop.ca\/wp-content\/uploads\/2020\/11\/Post-mortem-electoral.pptx\">Post-mortem \u00e9lectoral<\/a> (octobre 2012)<\/li>\n<li><a href=\"https:\/\/grop.ca\/wp-content\/uploads\/2020\/11\/Panel-de-mai-2013.pptx\">Panel de mai 2013<\/a> (juillet 2013)<\/li>\n<li><a href=\"https:\/\/grop.ca\/wp-content\/uploads\/2020\/11\/Analyse-electorale-7-avril-2014-3.pptx\">Analyses \u00e9lectorales<\/a> (mai 2014)<\/li>\n<li><a href=\"https:\/\/grop.ca\/wp-content\/uploads\/2020\/11\/Analyses-post-electorales.pptx\">Analyses post-\u00e9lectorales<\/a> ( septembre 2014)<\/li>\n<li><a href=\"https:\/\/grop.ca\/wp-content\/uploads\/2017\/08\/La-question-nationale.pptx\">La question nationale<\/a> (septembre 2014)<\/li>\n<\/ol>\n<h2>Fichiers de donn\u00e9es SPSS des enqu\u00eates r\u00e9alis\u00e9es par le GROP<\/h2>\n<p>Vous trouverez ci-dessous en format compress\u00e9 les questionnaires &amp; brouillons, les fichiers de donn\u00e9es et les sorties d&rsquo;analyse SPSS de tous les sondages men\u00e9s par le GROP de 1992 \u00e0 2014:<\/p>\n<ul>\n<li><a href=\"https:\/\/grop.ca\/wp-content\/uploads\/2020\/11\/SPSSGROP_1992-2000.zip\">1992-2000<\/a><\/li>\n<li><a href=\"https:\/\/grop.ca\/wp-content\/uploads\/2020\/11\/2001-2002.zip\">2001-2002<\/a><\/li>\n<li><a href=\"https:\/\/grop.ca\/wp-content\/uploads\/2020\/11\/2003.zip\">2003<\/a><\/li>\n<li><a href=\"https:\/\/grop.ca\/wp-content\/uploads\/2020\/11\/2004.zip\">2004<\/a><\/li>\n<li><a href=\"https:\/\/grop.ca\/wp-content\/uploads\/2020\/11\/2005.zip\">2005<\/a><\/li>\n<li><a href=\"https:\/\/grop.ca\/wp-content\/uploads\/2020\/11\/2006.zip\">2006<\/a><\/li>\n<li><a href=\"https:\/\/grop.ca\/wp-content\/uploads\/2020\/11\/2007.zip\">2007<\/a><\/li>\n<li><a href=\"https:\/\/grop.ca\/wp-content\/uploads\/2020\/11\/2008.zip\">2008<\/a><\/li>\n<li><a href=\"https:\/\/grop.ca\/wp-content\/uploads\/2020\/11\/2009.zip\">2009<\/a><\/li>\n<li><a href=\"https:\/\/grop.ca\/wp-content\/uploads\/2020\/11\/2010.zip\">2010<\/a><\/li>\n<li><a href=\"https:\/\/grop.ca\/wp-content\/uploads\/2020\/11\/2011.zip\">2011<\/a><\/li>\n<li><a href=\"https:\/\/grop.ca\/wp-content\/uploads\/2020\/11\/2012.zip\">2012<\/a><\/li>\n<li><a href=\"https:\/\/grop.ca\/wp-content\/uploads\/2020\/11\/2013.zip\">2013<\/a><\/li>\n<li><a href=\"https:\/\/grop.ca\/wp-content\/uploads\/2020\/11\/2014.zip\">2014<\/a><\/li>\n<li><a href=\"https:\/\/grop.ca\/wp-content\/uploads\/2020\/11\/Questionnaires-brouillons-1992-2013.zip\">Questionnaires &amp; brouillons 1992-2013<\/a> (enqu\u00eates du GROP)<\/li>\n<\/ul>\n<h2>La Banque de donn\u00e9es \u00e9lectorales<\/h2>\n<p>Il s&rsquo;agit d&rsquo;un <span style=\"color: #3366ff;\"><a style=\"color: #3366ff;\" href=\"https:\/\/grop.ca\/wp-content\/uploads\/2020\/12\/BDE2012-final.xls\">chiffrier Excel<\/a><\/span> contenant tous les r\u00e9sultats \u00e9lectoraux de 1970 \u00e0 2012 obtenus lors des \u00e9lections provinciales, f\u00e9d\u00e9rales ainsi que lors des trois r\u00e9f\u00e9rendums, <u>ventil\u00e9s par secteur de recensement<\/u> et agr\u00e9g\u00e9s aux donn\u00e9es des recensements r\u00e9alis\u00e9s entre 1971 et 2011. Ce travail colossal, fruit d&rsquo;ann\u00e9es de travail du regrett\u00e9 Pierre Drouilly, est offert aux chercheurs pour mieux comprendre l&rsquo;\u00e9volution des intentions politiques sur une p\u00e9riode couvrant plus de 40 ans.<\/p>\n<h2>Le Simulateur d&rsquo;opinions<\/h2>\n<p>Dans ce <a href=\"https:\/\/grop.ca\/wp-content\/uploads\/2026\/04\/Simulator_20260415-v9_EN-1.zip\"><span style=\"color: #0000ff;\">dossier compress\u00e9<\/span><\/a>, vous trouverez un programme de simulation de la transmission d&rsquo;opinions au sein d&rsquo;une population \u00e9tabli en fonction des sp\u00e9cificit\u00e9s de l&rsquo;\u00e9lectorat qu\u00e9b\u00e9cois. Il s&rsquo;agit d&rsquo;un mod\u00e8le multiagent n\u00e9cessitant l&rsquo;installation du langage <a href=\"https:\/\/www.netlogo.org\/downloads\/windows\/\">Netlogo version 7.03<\/a>. L&rsquo;application une fois lanc\u00e9e contient un guide d&rsquo;utilisation, ainsi que la pr\u00e9sentation du mod\u00e8le reproduite ci-dessous. Nouvelle mise \u00e0 jour du mod\u00e8le en f\u00e9vrier 2026.<\/p>\n<h3>Br\u00e8ve introduction au mod\u00e8le:<\/h3>\n<p>Depuis les travaux pionniers d\u2019Abelson &amp; Bernstein en 1963 (1), plusieurs chercheurs ont d\u00e9velopp\u00e9 des programmes informatiques simulant la diffusion d\u2019id\u00e9es ou d\u2019opinions au sein d\u2019une population.<\/p>\n<p>Ce programme de simulation a \u00e9t\u00e9 con\u00e7u \u00e0 partir des r\u00e9sultats de travaux r\u00e9alis\u00e9s par le Groupe de recherche sur l\u2019opinion publique (GROP) du Qu\u00e9bec (Canada).<\/p>\n<p>Ces travaux ont essentiellement port\u00e9 sur la mod\u00e9lisation de l\u2019\u00e9lectorat qu\u00e9b\u00e9cois en regard d\u2019enjeux politiques. Les enqu\u00eates r\u00e9alis\u00e9es ont mis en \u00e9vidence la relation \u00e9troite existant au sein de l\u2019\u00e9lectorat entre le niveau de polarisation sur ces enjeux et l\u2019importance des repr\u00e9sentations qui sous-tendent l\u2019adh\u00e9sion des \u00e9lecteurs \u00e0 ces enjeux, c\u2019est-\u00e0-dire la pr\u00e9gnance de cette adh\u00e9sion pour chacun des \u00e9lecteurs.<\/p>\n<p>Le fonctionnement de ce simulateur multiagent est \u00e9tabli sur cette relation. Il mod\u00e9lise la transmission au sein d\u2019une population d\u2019une opinion bipolaire.<\/p>\n<figure id=\"attachment_869\" aria-describedby=\"caption-attachment-869\" style=\"width: 686px\" class=\"wp-caption alignnone\"><img data-recalc-dims=\"1\" loading=\"lazy\" decoding=\"async\" data-attachment-id=\"869\" data-permalink=\"https:\/\/grop.ca\/index.php\/publications\/capture-decran-2020-12-18-095122\/\" data-orig-file=\"https:\/\/i0.wp.com\/grop.ca\/wp-content\/uploads\/2020\/12\/Capture-decran-2020-12-18-095122.jpg?fit=987%2C774&amp;ssl=1\" data-orig-size=\"987,774\" data-comments-opened=\"0\" data-image-meta=\"{&quot;aperture&quot;:&quot;0&quot;,&quot;credit&quot;:&quot;&quot;,&quot;camera&quot;:&quot;&quot;,&quot;caption&quot;:&quot;&quot;,&quot;created_timestamp&quot;:&quot;0&quot;,&quot;copyright&quot;:&quot;&quot;,&quot;focal_length&quot;:&quot;0&quot;,&quot;iso&quot;:&quot;0&quot;,&quot;shutter_speed&quot;:&quot;0&quot;,&quot;title&quot;:&quot;&quot;,&quot;orientation&quot;:&quot;0&quot;}\" data-image-title=\"Capture d\u2019\u00e9cran 2020-12-18 095122\" data-image-description=\"\" data-image-caption=\"&lt;p&gt;Distribution des r\u00e9pondants dans un sondage portant sur l&amp;rsquo;appui \u00e0 la souverainet\u00e9 du Qu\u00e9bec&lt;\/p&gt;\n\" data-large-file=\"https:\/\/i0.wp.com\/grop.ca\/wp-content\/uploads\/2020\/12\/Capture-decran-2020-12-18-095122.jpg?fit=525%2C412&amp;ssl=1\" class=\" wp-image-869\" src=\"https:\/\/i0.wp.com\/grop.ca\/wp-content\/uploads\/2020\/12\/Capture-decran-2020-12-18-095122.jpg?resize=525%2C411&#038;ssl=1\" alt=\"Le croissant de l'opinion publique\" width=\"525\" height=\"411\" srcset=\"https:\/\/i0.wp.com\/grop.ca\/wp-content\/uploads\/2020\/12\/Capture-decran-2020-12-18-095122.jpg?resize=300%2C235&amp;ssl=1 300w, https:\/\/i0.wp.com\/grop.ca\/wp-content\/uploads\/2020\/12\/Capture-decran-2020-12-18-095122.jpg?resize=768%2C602&amp;ssl=1 768w, https:\/\/i0.wp.com\/grop.ca\/wp-content\/uploads\/2020\/12\/Capture-decran-2020-12-18-095122.jpg?w=987&amp;ssl=1 987w\" sizes=\"auto, (max-width: 525px) 100vw, 525px\" \/><figcaption id=\"caption-attachment-869\" class=\"wp-caption-text\">Distribution des r\u00e9pondants dans un sondage portant sur l&rsquo;appui \u00e0 la souverainet\u00e9 du Qu\u00e9bec<\/figcaption><\/figure>\n<h4>La pr\u00e9gnance<\/h4>\n<p>Lors d\u2019enqu\u00eates portant sur des enjeux d\u2019opinion, on se rend vite compte que ce ne sont pas tant les caract\u00e9ristiques sociod\u00e9mographiques des r\u00e9pondants qui permettent le mieux de les classifier en fonction de ces enjeux, mais plut\u00f4t des variables psychoculturelles d\u00e9crivant des repr\u00e9sentations favorisant l\u2019une ou l\u2019autre expression de l\u2019enjeu. Par exemple, des r\u00e9pondants affichant des r\u00e9sultats \u00e9lev\u00e9s sur l\u2019\u00e9chelle d\u2019autoritarisme pr\u00e9senteront de plus fortes tendances \u00e0 adopter des points de vue convergents avec cette dimension psychologique. Les r\u00e9pondants favorisant l\u2019une ou l\u2019autre alternative d\u2019opinion peuvent ainsi \u00eatre caract\u00e9ris\u00e9s par des \u00e9chelles de mesure d\u00e9crivant un ensemble de \u00ab bassins d\u2019attraction \u00bb influen\u00e7ant les trajectoires que pourront suivre les traits culturels auxquels ils seront expos\u00e9s. L\u2019int\u00e9gration de ceux-ci se fait donc \u00e0 travers des processus d\u2019assimilation et d\u2019accommodation (2) qui construisent et consolident les repr\u00e9sentations soutenant l\u2019adoption d\u2019une opinion. Il ne s\u2019agit pas d\u2019une int\u00e9gration faisant appel \u00e0 un traitement strictement cognitif, mais \u00e9galement affectif. La part de l\u2019affect dans la consolidation d\u2019une opinion \u00e9tant, dans bien des cas, d\u00e9terminante. Adh\u00e9rer \u00e0 une opinion, c\u2019est y trouver une zone de confort psychologique, ce qui implique de rendre congruente celle-ci avec l\u2019identit\u00e9 de l\u2019individu.<\/p>\n<p>C\u2019est pourquoi il convient mieux de parler de la pr\u00e9gnance d\u2019une opinion que de simplement \u00e9voquer la capacit\u00e9 de repr\u00e9sentations qu\u2019un individu peut en poss\u00e9der. Par ailleurs, un individu peut n\u2019avoir acquis, sur un enjeu donn\u00e9, que peu de pr\u00e9gnance, limitant d\u2019autant ses dispositions \u00e0 l\u2019endroit de celui-ci. Pour des raisons diverses, allant de ses valeurs jusqu\u2019\u00e0 ses go\u00fbts, balisant d\u2019autant son int\u00e9r\u00eat, une personne pourra n\u2019avoir d\u00e9velopp\u00e9 qu\u2019une conception rudimentaire sur un enjeu particulier. L\u2019entourage jouera donc un r\u00f4le important en contribuant \u00e0 l\u2019opinion qu\u2019elle se forgera au fil des rencontres \u00e0 l\u2019int\u00e9rieur de son r\u00e9seau social.<\/p>\n<p>Ainsi, l\u2019int\u00e9r\u00eat port\u00e9 envers l\u2019actualit\u00e9, le sentiment de comp\u00e9tence ou la capacit\u00e9 de repr\u00e9sentations apparaissent fortement li\u00e9s \u00e0 l\u2019expression d\u2019opinions.<\/p>\n<h4>La polarisation<\/h4>\n<p>Une opinion bipolaire ne se pr\u00e9sente pas seulement comme un choix binaire, mais comme un ensemble d\u2019id\u00e9es plus ou moins prononc\u00e9es caract\u00e9risant la position de l\u2019individu. Tout le spectre des positions, d\u2019extr\u00eames jusqu\u2019\u00e0 mod\u00e9r\u00e9es, peut y appara\u00eetre.<\/p>\n<h4>La transmission<\/h4>\n<p>On peut faire l\u2019hypoth\u00e8se que les opinions sont habituellement transmises d\u2019un individu \u00e0 un autre par celui qui poss\u00e8de la plus forte pr\u00e9gnance pour l\u2019opinion transmise. Les individus poss\u00e9dant les plus faibles repr\u00e9sentations sur un sujet donn\u00e9 sont \u00e9galement les plus susceptibles de changer fr\u00e9quemment d\u2019opinion. Nous qualifions de centristes les personnes qui pr\u00e9sentent un tel comportement, car leur ambivalence les place au centre de gravit\u00e9 d\u2019opinions bi- ou multipolaires. Ainsi, les centristes font montre d\u2019une alternance soutenue au niveau de leurs intentions \u00e9lectorales, changeant souvent d\u2019all\u00e9geance. Mais il ne s\u2019agit pour autant pas d\u2019ind\u00e9cis dans le sens o\u00f9 sont habituellement qualifi\u00e9s les r\u00e9pondants \u00e0 des sondages qui disent \u00ab ne pas savoir \u00bb. Ils expriment un choix, mais celui-ci peut changer facilement, selon les influences qu\u2019ils recevront de leur entourage.<\/p>\n<p>Des p\u00e9riodes de socialisation importante peuvent ainsi modifier substantiellement l\u2019alignement politique des centristes. Lors de la campagne \u00e9lectorale f\u00e9d\u00e9rale de 2005-2006, nous avons pu suivre une telle transformation de l\u2019opinion des centristes influenc\u00e9s par l\u2019intense p\u00e9riode de socialisation que constitue au Qu\u00e9bec la p\u00e9riode des F\u00eates. Une fraction importante des centristes ont alors modifi\u00e9 leurs intentions \u00e9lectorales. Pour ces raisons, les centristes ont \u00e9t\u00e9 qualifi\u00e9s par certains auteurs de \u00ab papillons \u00bb, en r\u00e9f\u00e9rence \u00e0 leurs fr\u00e9quents changements d\u2019opinion.<\/p>\n<p>Il est moins fr\u00e9quent que les individus poss\u00e9dant une forte pr\u00e9gnance sur un sujet donn\u00e9 changent d\u2019opinion. Ils formeront plut\u00f4t un groupe de partisans pr\u00e9sentant des repr\u00e9sentations structur\u00e9es et passablement similaires sur ledit sujet.<\/p>\n<p>Au sein du syst\u00e8me complexe form\u00e9 par une population en regard d\u2019un sujet donn\u00e9, les partisans correspondent \u00e0 des zones plus fig\u00e9es tandis que les centristes correspondent \u00e0 une zone plus chaotique.<\/p>\n<p>Au fur et \u00e0 mesure que les centristes acqui\u00e8rent de meilleures repr\u00e9sentations, qu\u2019ils \u00ab se forgent \u00bb une opinion, nous postulons qu\u2019ils subissent alors l\u2019influence des membres de leur r\u00e9seau social poss\u00e9dant une plus forte pr\u00e9gnance qu\u2019eux sur ce sujet. Les individus assimilent ainsi certains des traits culturels de leurs pairs par un processus de contamination impliquant une multitude d\u2019interactions sociales. Cette transmission au sein d\u2019une population d\u2019opinions polaris\u00e9es se d\u00e9ploie en un processus dynamique non lin\u00e9aire. Certains individus agiront comme des m\u00e9ta-influenceurs entra\u00eenant l\u2019adh\u00e9sion d\u2019un grand nombre et suscitant chez les individus moins pr\u00e9gnants des renversements d\u2019opinion inattendus. Des \u00e9v\u00e9nements ext\u00e9rieurs viendront perturber cette diss\u00e9mination, accentuant ou en ralentissant la progression.<\/p>\n<p>(1) Abelson, R.P. &amp; Bernstein, A. (1963) A Computer Simulation Model of Community Referendum Controversies, The Public Opinion Quarterly, Vol. 27, No. 1. , pp. 93-122.<\/p>\n<p>(2) L\u2019assimilation se d\u00e9finit comme l\u2019int\u00e9gration d\u2019un nouveau processus au sein d\u2019un syst\u00e8me sans modification de la structure; s\u2019il se produit un changement de structure, alors il y a accommodation. L\u2019assimilation correspond \u00e0 la r\u00e9silience d\u2019un syst\u00e8me soumis \u00e0 des contraintes pouvant \u00eatre absorb\u00e9es sans modification du fonctionnement g\u00e9n\u00e9ral du syst\u00e8me. L\u2019accommodation survient lorsque, pass\u00e9 un certain seuil, ces contraintes font basculer le syst\u00e8me vers un nouvel \u00e9tat d\u2019\u00e9quilibre impliquant des modifications en profondeur du syst\u00e8me.<\/p>\n","protected":false},"excerpt":{"rendered":"<p>Proposition de suivie de l&rsquo;opinion publique au cours de la campagne r\u00e9f\u00e9rendaire 1992 (septembre 1992) La le\u00e7on du 26 octobre: la patrie avant les partis (novembre 1992) La Mouvance ( novembre 1993) Les instables (1993) Analyse HOMALS des r\u00e9ponses aux \u00e9nonc\u00e9s contenus dans le sondage \u00e9lectoral de juin 1993 et fonction de la variable composite &hellip; <\/p>\n<p class=\"link-more\"><a href=\"https:\/\/grop.ca\/index.php\/publications\/\" class=\"more-link\">Continuer la lecture<span class=\"screen-reader-text\"> de &laquo; Publications &raquo;<\/span><\/a><\/p>\n","protected":false},"author":2,"featured_media":0,"parent":0,"menu_order":0,"comment_status":"closed","ping_status":"closed","template":"","meta":{"jetpack_post_was_ever_published":false,"footnotes":""},"class_list":["post-65","page","type-page","status-publish","hentry"],"jetpack_sharing_enabled":true,"jetpack_shortlink":"https:\/\/wp.me\/P9kRRW-13","jetpack_likes_enabled":true,"jetpack-related-posts":[],"_links":{"self":[{"href":"https:\/\/grop.ca\/index.php\/wp-json\/wp\/v2\/pages\/65","targetHints":{"allow":["GET"]}}],"collection":[{"href":"https:\/\/grop.ca\/index.php\/wp-json\/wp\/v2\/pages"}],"about":[{"href":"https:\/\/grop.ca\/index.php\/wp-json\/wp\/v2\/types\/page"}],"author":[{"embeddable":true,"href":"https:\/\/grop.ca\/index.php\/wp-json\/wp\/v2\/users\/2"}],"replies":[{"embeddable":true,"href":"https:\/\/grop.ca\/index.php\/wp-json\/wp\/v2\/comments?post=65"}],"version-history":[{"count":399,"href":"https:\/\/grop.ca\/index.php\/wp-json\/wp\/v2\/pages\/65\/revisions"}],"predecessor-version":[{"id":1031,"href":"https:\/\/grop.ca\/index.php\/wp-json\/wp\/v2\/pages\/65\/revisions\/1031"}],"wp:attachment":[{"href":"https:\/\/grop.ca\/index.php\/wp-json\/wp\/v2\/media?parent=65"}],"curies":[{"name":"wp","href":"https:\/\/api.w.org\/{rel}","templated":true}]}}